{"id":45,"date":"2023-11-13T11:39:43","date_gmt":"2023-11-13T10:39:43","guid":{"rendered":"https:\/\/stratlgo.fr\/?page_id=45"},"modified":"2026-06-10T18:13:15","modified_gmt":"2026-06-10T16:13:15","slug":"la-societe","status":"publish","type":"page","link":"https:\/\/stratlgo.fr\/?page_id=45","title":{"rendered":"La soci\u00e9t\u00e9"},"content":{"rendered":"\n<div class=\"wp-block-group alignfull\" style=\"margin-top:0px;margin-bottom:0px;padding-top:0;padding-right:0;padding-bottom:0;padding-left:0\"><div class=\"wp-block-group__inner-container is-layout-constrained wp-container-core-group-is-layout-e505069e wp-block-group-is-layout-constrained\">\n<div class=\"wp-block-group alignfull\" style=\"margin-top:0px;margin-bottom:0px;padding-top:0;padding-right:0;padding-bottom:0;padding-left:0\"><div class=\"wp-block-group__inner-container is-layout-constrained wp-container-core-group-is-layout-e505069e wp-block-group-is-layout-constrained\">\n<div class=\"wp-block-group\"><div class=\"wp-block-group__inner-container is-layout-constrained wp-block-group-is-layout-constrained\">\n<div class=\"wp-block-columns is-layout-flex wp-container-core-columns-is-layout-308ad20a wp-block-columns-is-layout-flex\">\n<div class=\"wp-block-column is-layout-flow wp-block-column-is-layout-flow\">\n<figure class=\"wp-block-image size-large is-resized\"><img data-recalc-dims=\"1\" loading=\"lazy\" decoding=\"async\" width=\"750\" height=\"750\" data-attachment-id=\"1670\" data-permalink=\"https:\/\/stratlgo.fr\/?attachment_id=1670\" data-orig-file=\"https:\/\/i0.wp.com\/stratlgo.fr\/wp-content\/uploads\/2025\/03\/Organisation-STRATL-GO.png?fit=3250%2C3250&amp;ssl=1\" data-orig-size=\"3250,3250\" data-comments-opened=\"1\" data-image-meta=\"{&quot;aperture&quot;:&quot;0&quot;,&quot;credit&quot;:&quot;&quot;,&quot;camera&quot;:&quot;&quot;,&quot;caption&quot;:&quot;&quot;,&quot;created_timestamp&quot;:&quot;0&quot;,&quot;copyright&quot;:&quot;&quot;,&quot;focal_length&quot;:&quot;0&quot;,&quot;iso&quot;:&quot;0&quot;,&quot;shutter_speed&quot;:&quot;0&quot;,&quot;title&quot;:&quot;&quot;,&quot;orientation&quot;:&quot;0&quot;}\" data-image-title=\"Organisation STRAT&amp;rsquo;L GO\" data-image-description=\"\" data-image-caption=\"\" data-large-file=\"https:\/\/i0.wp.com\/stratlgo.fr\/wp-content\/uploads\/2025\/03\/Organisation-STRATL-GO.png?fit=750%2C750&amp;ssl=1\" src=\"https:\/\/i0.wp.com\/stratlgo.fr\/wp-content\/uploads\/2025\/03\/Organisation-STRATL-GO.png?resize=750%2C750&#038;ssl=1\" alt=\"\" class=\"wp-image-1670\" style=\"width:470px;height:auto\" srcset=\"https:\/\/i0.wp.com\/stratlgo.fr\/wp-content\/uploads\/2025\/03\/Organisation-STRATL-GO.png?resize=1024%2C1024&amp;ssl=1 1024w, https:\/\/i0.wp.com\/stratlgo.fr\/wp-content\/uploads\/2025\/03\/Organisation-STRATL-GO.png?resize=300%2C300&amp;ssl=1 300w, https:\/\/i0.wp.com\/stratlgo.fr\/wp-content\/uploads\/2025\/03\/Organisation-STRATL-GO.png?resize=150%2C150&amp;ssl=1 150w, https:\/\/i0.wp.com\/stratlgo.fr\/wp-content\/uploads\/2025\/03\/Organisation-STRATL-GO.png?resize=768%2C768&amp;ssl=1 768w, https:\/\/i0.wp.com\/stratlgo.fr\/wp-content\/uploads\/2025\/03\/Organisation-STRATL-GO.png?resize=1536%2C1536&amp;ssl=1 1536w, https:\/\/i0.wp.com\/stratlgo.fr\/wp-content\/uploads\/2025\/03\/Organisation-STRATL-GO.png?resize=2048%2C2048&amp;ssl=1 2048w, https:\/\/i0.wp.com\/stratlgo.fr\/wp-content\/uploads\/2025\/03\/Organisation-STRATL-GO.png?resize=1568%2C1568&amp;ssl=1 1568w, https:\/\/i0.wp.com\/stratlgo.fr\/wp-content\/uploads\/2025\/03\/Organisation-STRATL-GO.png?w=2250&amp;ssl=1 2250w\" sizes=\"auto, (max-width: 750px) 100vw, 750px\" \/><\/figure>\n<\/div>\n\n\n\n<div class=\"wp-block-column is-vertically-aligned-center is-layout-flow wp-block-column-is-layout-flow\">\n<h4 class=\"wp-block-heading\" style=\"margin-top:0px\">\u00c0 propos de<\/h4>\n\n\n\n<p class=\"wp-block-paragraph\"><em>\u00ab\u00a0<strong>STRAT&rsquo;L GO Consulting<\/strong> est n\u00e9e de ma volont\u00e9 d&rsquo;accompagner les Organisations dans leurs d\u00e9fis et transformations pour anticiper leurs enjeux d&rsquo;aujourd&rsquo;hui et de demain.<\/em><\/p>\n\n\n\n<p class=\"wp-block-paragraph\"><em>R\u00e9pondre \u00e0 vos probl\u00e9matiques est ma priorit\u00e9. \u00ab\u00a0<\/em> <\/p>\n\n\n\n<p class=\"has-text-align-right wp-block-paragraph\"><em>Christelle GODARD<\/em> (fondatrice)<\/p>\n<\/div>\n<\/div>\n<\/div><\/div>\n<\/div><\/div>\n\n\n\n<hr class=\"wp-block-separator has-alpha-channel-opacity\"\/>\n\n\n\n<div class=\"wp-block-group alignwide\" style=\"margin-top:0px;margin-bottom:0px;padding-top:var(--wp--preset--spacing--80);padding-right:var(--wp--preset--spacing--60);padding-bottom:var(--wp--preset--spacing--80);padding-left:var(--wp--preset--spacing--60)\"><div class=\"wp-block-group__inner-container is-layout-constrained wp-container-core-group-is-layout-b8f426a1 wp-block-group-is-layout-constrained\">\n<div class=\"wp-block-columns alignwide is-layout-flex wp-container-core-columns-is-layout-308ad20a wp-block-columns-is-layout-flex\">\n<div class=\"wp-block-column is-vertically-aligned-center is-layout-flow wp-block-column-is-layout-flow\">\n<h4 class=\"wp-block-heading\" style=\"margin-top:0px\">Ma vision<\/h4>\n\n\n\n<p class=\"wp-block-paragraph\">Nous entrons dans une p\u00e9riode sujette \u00e0 de nombreuses \u00e9volutions de notre Soci\u00e9t\u00e9 et de notre Environnement. Souvent nomm\u00e9 l&rsquo;\u00e8re de l&rsquo;Anthropoc\u00e8ne (\u00e0 cause de l&rsquo;impact des activit\u00e9s humaines sur notre Environnement depuis la r\u00e9volution industrielle), il nous reste \u00e0 l&rsquo;orienter par nos actions pr\u00e9sentes vers un futur souhaitable, sans doute : l&rsquo;\u00e8re <em>Symbioc\u00e8ne (N\u00e9ologisme invent\u00e9 par Glenn Albrecht)<\/em>.<\/p>\n\n\n\n<p class=\"wp-block-paragraph\">C&rsquo;est autant de d\u00e9fis \u00e0 relever pour toutes les Organisations. Je souhaite m&rsquo;engager \u00e0 vos c\u00f4t\u00e9s pour vous accompagner dans ces transformations en mettant en \u0153uvre mes exp\u00e9riences et au besoin mon r\u00e9seau de consultants experts.<\/p>\n\n\n\n<p class=\"wp-block-paragraph\"><strong><mark style=\"background-color:#ffc95e\" class=\"has-inline-color\">Soyons partenaire dans l&rsquo;action !<\/mark><\/strong><\/p>\n<\/div>\n\n\n\n<div class=\"wp-block-column is-layout-flow wp-block-column-is-layout-flow\">\n<figure class=\"wp-block-image size-large is-resized\"><img data-recalc-dims=\"1\" loading=\"lazy\" decoding=\"async\" width=\"750\" height=\"750\" data-attachment-id=\"1672\" data-permalink=\"https:\/\/stratlgo.fr\/?attachment_id=1672\" data-orig-file=\"https:\/\/i0.wp.com\/stratlgo.fr\/wp-content\/uploads\/2025\/03\/Vision.png?fit=3750%2C3750&amp;ssl=1\" data-orig-size=\"3750,3750\" data-comments-opened=\"1\" data-image-meta=\"{&quot;aperture&quot;:&quot;0&quot;,&quot;credit&quot;:&quot;&quot;,&quot;camera&quot;:&quot;&quot;,&quot;caption&quot;:&quot;&quot;,&quot;created_timestamp&quot;:&quot;0&quot;,&quot;copyright&quot;:&quot;&quot;,&quot;focal_length&quot;:&quot;0&quot;,&quot;iso&quot;:&quot;0&quot;,&quot;shutter_speed&quot;:&quot;0&quot;,&quot;title&quot;:&quot;&quot;,&quot;orientation&quot;:&quot;0&quot;}\" data-image-title=\"Vision\" data-image-description=\"\" data-image-caption=\"\" data-large-file=\"https:\/\/i0.wp.com\/stratlgo.fr\/wp-content\/uploads\/2025\/03\/Vision.png?fit=750%2C750&amp;ssl=1\" src=\"https:\/\/i0.wp.com\/stratlgo.fr\/wp-content\/uploads\/2025\/03\/Vision.png?resize=750%2C750&#038;ssl=1\" alt=\"\" class=\"wp-image-1672\" style=\"width:469px;height:auto\" srcset=\"https:\/\/i0.wp.com\/stratlgo.fr\/wp-content\/uploads\/2025\/03\/Vision.png?resize=1024%2C1024&amp;ssl=1 1024w, https:\/\/i0.wp.com\/stratlgo.fr\/wp-content\/uploads\/2025\/03\/Vision.png?resize=300%2C300&amp;ssl=1 300w, https:\/\/i0.wp.com\/stratlgo.fr\/wp-content\/uploads\/2025\/03\/Vision.png?resize=150%2C150&amp;ssl=1 150w, https:\/\/i0.wp.com\/stratlgo.fr\/wp-content\/uploads\/2025\/03\/Vision.png?resize=768%2C768&amp;ssl=1 768w, https:\/\/i0.wp.com\/stratlgo.fr\/wp-content\/uploads\/2025\/03\/Vision.png?resize=1536%2C1536&amp;ssl=1 1536w, https:\/\/i0.wp.com\/stratlgo.fr\/wp-content\/uploads\/2025\/03\/Vision.png?resize=2048%2C2048&amp;ssl=1 2048w, https:\/\/i0.wp.com\/stratlgo.fr\/wp-content\/uploads\/2025\/03\/Vision.png?resize=1568%2C1568&amp;ssl=1 1568w, https:\/\/i0.wp.com\/stratlgo.fr\/wp-content\/uploads\/2025\/03\/Vision.png?w=2250&amp;ssl=1 2250w\" sizes=\"auto, (max-width: 750px) 100vw, 750px\" \/><\/figure>\n<\/div>\n<\/div>\n<\/div><\/div>\n\n\n\n<hr class=\"wp-block-separator has-alpha-channel-opacity\"\/>\n\n\n\n<h4 class=\"wp-block-heading\" style=\"line-height:1.2\">Pourquoi choisir STRAT&rsquo;L GO consulting<\/h4>\n\n\n\n<div class=\"wp-block-columns is-layout-flex wp-container-core-columns-is-layout-7387b849 wp-block-columns-is-layout-flex\">\n<div class=\"wp-block-column is-layout-flow wp-container-core-column-is-layout-2130f694 wp-block-column-is-layout-flow\" style=\"flex-basis:25%\">\n<p class=\"wp-block-paragraph\"><strong><strong>Sens du service client   &amp; Adaptabilit\u00e9<\/strong><\/strong><\/p>\n\n\n\n<p class=\"has-small-font-size wp-block-paragraph\">J&rsquo;ai \u00e0 c\u0153ur votre satisfaction en r\u00e9pondant au mieux \u00e0 vos besoins sp\u00e9cifiques en prenant en compte votre contexte. Chaque client est unique, je m&rsquo;adapte \u00e0 vos priorit\u00e9s !<\/p>\n<\/div>\n\n\n\n<div class=\"wp-block-column is-layout-flow wp-container-core-column-is-layout-2130f694 wp-block-column-is-layout-flow\" style=\"flex-basis:25%\">\n<p class=\"wp-block-paragraph\"><strong><strong>Professionnalisme        &amp; Engagement<\/strong><\/strong><\/p>\n\n\n\n<p class=\"has-small-font-size wp-block-paragraph\">Je m&rsquo;engage \u00e0 vos c\u00f4t\u00e9s pour \u00eatre force de propositions. je traite les demandes avec s\u00e9rieux et convivialit\u00e9 pour vous garantir une prestation \u00e0 la hauteur de vos attentes !<\/p>\n<\/div>\n\n\n\n<div class=\"wp-block-column is-layout-flow wp-container-core-column-is-layout-2130f694 wp-block-column-is-layout-flow\" style=\"flex-basis:25%\">\n<p class=\"wp-block-paragraph\"><strong>Int\u00e9grit\u00e9                          &amp; tiers de confiance<\/strong><\/p>\n\n\n\n<p class=\"has-small-font-size wp-block-paragraph\">Je pr\u00f4ne la transparence, l\u2019honn\u00eatet\u00e9 et la sinc\u00e9rit\u00e9 dans tous les domaines, de la collaboration \u00e0 la prise de d\u00e9cision.<\/p>\n<\/div>\n\n\n\n<div class=\"wp-block-column is-layout-flow wp-container-core-column-is-layout-2130f694 wp-block-column-is-layout-flow\" style=\"flex-basis:25%\">\n<p class=\"wp-block-paragraph\"><strong>Collaboration<\/strong>                  <strong>&amp; Id\u00e9ation<\/strong><\/p>\n\n\n\n<p class=\"has-small-font-size wp-block-paragraph\">La collaboration est source d&rsquo;id\u00e9ation pour ouvrir de nouvelles perspectives et r\u00e9ponses \u00e0 une probl\u00e9matique d&rsquo;actualit\u00e9 ou \u00e0 vos enjeux de demain !<\/p>\n<\/div>\n<\/div>\n\n\n\n<hr class=\"wp-block-separator has-alpha-channel-opacity\"\/>\n\n\n\n<div class=\"wp-block-group alignfull has-foreground-color has-tertiary-background-color has-text-color has-background\" style=\"padding-top:100px;padding-bottom:100px\"><div class=\"wp-block-group__inner-container is-layout-constrained wp-container-core-group-is-layout-79d8d5ac wp-block-group-is-layout-constrained\">\n<div class=\"wp-block-group alignwide\"><div class=\"wp-block-group__inner-container is-layout-constrained wp-block-group-is-layout-constrained\">\n<div class=\"wp-block-group alignwide\"><div class=\"wp-block-group__inner-container is-layout-constrained wp-block-group-is-layout-constrained\">\n<div class=\"wp-block-columns alignwide is-layout-flex wp-container-core-columns-is-layout-90d93bf9 wp-block-columns-is-layout-flex\">\n<div class=\"wp-block-column is-layout-flow wp-block-column-is-layout-flow\" style=\"flex-basis:50%\">\n<h2 class=\"wp-block-heading\" style=\"margin-top:0px;font-size:37px;line-height:1.2\">\u00c0 propos de Moi<br><\/h2>\n\n\n\n<p class=\"wp-block-paragraph\">Ing\u00e9nieure en m\u00e9canique (INSA), j&rsquo;ai poursuivi par un Master en Prospective, Innovation et Transformation des Organisations (CNAM), un certificat en Management d\u2019unit\u00e9 op\u00e9rationnelle (EM Lyon), un \u00ab\u00a0Master Circular design\u00a0\u00bb (CIRCULAB Academy) ainsi qu&rsquo;une formation aupr\u00e8s d&rsquo;Isabelle DELANNOY sur le mod\u00e8le d&rsquo;\u00e9conomie symbiotique issue de l&rsquo;observation du terrain de 30 ans.<br>Suite \u00e0 15 ans de conseil, j&rsquo;ai cr\u00e9\u00e9 une agence d&rsquo;experts intervenants en Industrie puis consolider une 2e agence intervenant sur les Energies Renouvelables.<\/p>\n\n\n\n<p class=\"wp-block-paragraph\">Riche de toutes ces exp\u00e9riences et connaissances acquises, j&rsquo;ai fond\u00e9 STRAT&rsquo;L GO Consulting pour agir avec les Organisations vers des mod\u00e8les robustes et durables.<\/p>\n<\/div>\n\n\n\n<div class=\"wp-block-column is-layout-flow wp-block-column-is-layout-flow\" style=\"flex-basis:50%\"><div class=\"wp-block-image\">\n<figure class=\"aligncenter size-large is-resized\"><img data-recalc-dims=\"1\" loading=\"lazy\" decoding=\"async\" width=\"750\" height=\"1000\" data-attachment-id=\"1501\" data-permalink=\"https:\/\/stratlgo.fr\/?attachment_id=1501\" data-orig-file=\"https:\/\/i0.wp.com\/stratlgo.fr\/wp-content\/uploads\/2025\/03\/IMG_20240314_153049-1.jpg?fit=2671%2C3561&amp;ssl=1\" data-orig-size=\"2671,3561\" data-comments-opened=\"1\" data-image-meta=\"{&quot;aperture&quot;:&quot;2.25&quot;,&quot;credit&quot;:&quot;&quot;,&quot;camera&quot;:&quot;Redmi Note 9S&quot;,&quot;caption&quot;:&quot;&quot;,&quot;created_timestamp&quot;:&quot;1710430250&quot;,&quot;copyright&quot;:&quot;&quot;,&quot;focal_length&quot;:&quot;3.74&quot;,&quot;iso&quot;:&quot;100&quot;,&quot;shutter_speed&quot;:&quot;0.0076923076923077&quot;,&quot;title&quot;:&quot;&quot;,&quot;orientation&quot;:&quot;0&quot;}\" data-image-title=\"IMG_20240314_153049\" data-image-description=\"\" data-image-caption=\"\" data-large-file=\"https:\/\/i0.wp.com\/stratlgo.fr\/wp-content\/uploads\/2025\/03\/IMG_20240314_153049-1.jpg?fit=750%2C1000&amp;ssl=1\" src=\"https:\/\/i0.wp.com\/stratlgo.fr\/wp-content\/uploads\/2025\/03\/IMG_20240314_153049-1.jpg?resize=750%2C1000&#038;ssl=1\" alt=\"\" class=\"wp-image-1501\" style=\"width:281px;height:auto\" srcset=\"https:\/\/i0.wp.com\/stratlgo.fr\/wp-content\/uploads\/2025\/03\/IMG_20240314_153049-1.jpg?resize=768%2C1024&amp;ssl=1 768w, https:\/\/i0.wp.com\/stratlgo.fr\/wp-content\/uploads\/2025\/03\/IMG_20240314_153049-1.jpg?resize=225%2C300&amp;ssl=1 225w, https:\/\/i0.wp.com\/stratlgo.fr\/wp-content\/uploads\/2025\/03\/IMG_20240314_153049-1.jpg?resize=1152%2C1536&amp;ssl=1 1152w, https:\/\/i0.wp.com\/stratlgo.fr\/wp-content\/uploads\/2025\/03\/IMG_20240314_153049-1.jpg?resize=1536%2C2048&amp;ssl=1 1536w, https:\/\/i0.wp.com\/stratlgo.fr\/wp-content\/uploads\/2025\/03\/IMG_20240314_153049-1.jpg?resize=900%2C1200&amp;ssl=1 900w, https:\/\/i0.wp.com\/stratlgo.fr\/wp-content\/uploads\/2025\/03\/IMG_20240314_153049-1.jpg?resize=600%2C800&amp;ssl=1 600w, https:\/\/i0.wp.com\/stratlgo.fr\/wp-content\/uploads\/2025\/03\/IMG_20240314_153049-1.jpg?resize=450%2C600&amp;ssl=1 450w, https:\/\/i0.wp.com\/stratlgo.fr\/wp-content\/uploads\/2025\/03\/IMG_20240314_153049-1.jpg?resize=300%2C400&amp;ssl=1 300w, https:\/\/i0.wp.com\/stratlgo.fr\/wp-content\/uploads\/2025\/03\/IMG_20240314_153049-1.jpg?resize=150%2C200&amp;ssl=1 150w, https:\/\/i0.wp.com\/stratlgo.fr\/wp-content\/uploads\/2025\/03\/IMG_20240314_153049-1.jpg?resize=1200%2C1600&amp;ssl=1 1200w, https:\/\/i0.wp.com\/stratlgo.fr\/wp-content\/uploads\/2025\/03\/IMG_20240314_153049-1.jpg?resize=1568%2C2090&amp;ssl=1 1568w, https:\/\/i0.wp.com\/stratlgo.fr\/wp-content\/uploads\/2025\/03\/IMG_20240314_153049-1.jpg?w=2250&amp;ssl=1 2250w\" sizes=\"auto, (max-width: 750px) 100vw, 750px\" \/><\/figure>\n<\/div>\n\n\n<div class=\"wp-block-buttons is-content-justification-center is-layout-flex wp-container-core-buttons-is-layout-3e41869c wp-block-buttons-is-layout-flex\">\n<div class=\"wp-block-button\"><a class=\"wp-block-button__link wp-element-button\" href=\"http:\/\/www.linkedin.com\/in\/christelle-godard-stratlgo\" target=\"_blank\" rel=\"noopener\">Linkedin<\/a><\/div>\n<\/div>\n<\/div>\n<\/div>\n<\/div><\/div>\n<\/div><\/div>\n\n\n\n<hr class=\"wp-block-separator has-alpha-channel-opacity\"\/>\n\n\n\n<h4 class=\"wp-block-heading has-text-align-center\">Ils parlent de moi &#8230;<\/h4>\n\n\n\n<div class=\"wp-block-columns alignwide is-layout-flex wp-container-core-columns-is-layout-90d93bf9 wp-block-columns-is-layout-flex\">\n<div class=\"wp-block-column is-layout-flow wp-block-column-is-layout-flow\">\n<p class=\"wp-block-paragraph\" style=\"font-size:15px;line-height:1.65\"><em>\u00ab\u00a0Christelle est un vrai atout dans une \u00e9quipe tant par sa facult\u00e9 commerciale, sa capacit\u00e9 d\u2019adaptation et sa bienveillance. Elle sait tirer le meilleur de ses \u00e9quipes et performe dans le management de l\u2019humain.\u00a0\u00bb<\/em><\/p>\n\n\n\n<p class=\"wp-block-paragraph\" style=\"font-size:15px;line-height:1.65\"><strong>\u2013&nbsp;Julien COLLOBER<\/strong> (Ancienne \u00e9quipe de Christelle)<\/p>\n<\/div>\n\n\n\n<div class=\"wp-block-column is-layout-flow wp-block-column-is-layout-flow\">\n<div class=\"wp-block-group\"><div class=\"wp-block-group__inner-container is-layout-constrained wp-block-group-is-layout-constrained\">\n<p class=\"has-text-align-center wp-block-paragraph\" style=\"font-size:15px;line-height:1.65\"><em>Extraits de mon profil LINKEDIN<\/em><\/p>\n\n\n\n<figure class=\"wp-block-image size-large\"><img data-recalc-dims=\"1\" loading=\"lazy\" decoding=\"async\" width=\"500\" height=\"355\" data-attachment-id=\"246\" data-permalink=\"https:\/\/stratlgo.fr\/?attachment_id=246\" data-orig-file=\"https:\/\/i0.wp.com\/stratlgo.fr\/wp-content\/uploads\/2023\/11\/message-2.png?fit=500%2C355&amp;ssl=1\" data-orig-size=\"500,355\" data-comments-opened=\"1\" data-image-meta=\"{&quot;aperture&quot;:&quot;0&quot;,&quot;credit&quot;:&quot;&quot;,&quot;camera&quot;:&quot;&quot;,&quot;caption&quot;:&quot;&quot;,&quot;created_timestamp&quot;:&quot;0&quot;,&quot;copyright&quot;:&quot;&quot;,&quot;focal_length&quot;:&quot;0&quot;,&quot;iso&quot;:&quot;0&quot;,&quot;shutter_speed&quot;:&quot;0&quot;,&quot;title&quot;:&quot;&quot;,&quot;orientation&quot;:&quot;0&quot;}\" data-image-title=\"message-2\" data-image-description=\"\" data-image-caption=\"\" data-large-file=\"https:\/\/i0.wp.com\/stratlgo.fr\/wp-content\/uploads\/2023\/11\/message-2.png?fit=500%2C355&amp;ssl=1\" src=\"https:\/\/i0.wp.com\/stratlgo.fr\/wp-content\/uploads\/2023\/11\/message-2.png?resize=500%2C355&#038;ssl=1\" alt=\"\" class=\"wp-image-246\"\/><\/figure>\n<\/div><\/div>\n<\/div>\n\n\n\n<div class=\"wp-block-column is-layout-flow wp-block-column-is-layout-flow\">\n<p class=\"wp-block-paragraph\" style=\"font-size:15px;line-height:1.65\"><em>\u00ab\u00a0Nous a aid\u00e9 sur les sujets sant\u00e9\/s\u00e9curit\u00e9 sur un de nos sites industriels. <\/em><\/p>\n\n\n\n<p class=\"wp-block-paragraph\" style=\"font-size:15px;line-height:1.65\"><em>Tr\u00e8s ordonn\u00e9e, disposant d&rsquo;une grande connaissance des normes et des syst\u00e8mes de management, Christelle a toujours \u00e9t\u00e9 tr\u00e8s disponible pour nous dans sa mission.<br>De plus elle passe tr\u00e8s bien aupr\u00e8s de tous, ce qui est aujourd&rsquo;hui essentiel pour aider et faire grandir nos managers.\u00a0\u00bb<\/em><\/p>\n\n\n\n<p class=\"wp-block-paragraph\" style=\"font-size:15px;line-height:1.65\"><strong>&#8211; Christophe CLEMENT<\/strong> (client DS SMITH)<\/p>\n<\/div>\n<\/div>\n\n\n\n<div class=\"wp-block-columns alignwide is-layout-flex wp-container-core-columns-is-layout-90d93bf9 wp-block-columns-is-layout-flex\">\n<div class=\"wp-block-column is-layout-flow wp-block-column-is-layout-flow\">\n<p class=\"wp-block-paragraph\" style=\"font-size:15px\"><em>\u00ab\u00a0Cheffe en or. A l&rsquo;\u00e9coute de son \u00e9quipe. L&rsquo;esprit de Christelle est : On gagne ensemble, on perd ensemble. 4 ans de pur bonheur \u00e0 ses c\u00f4t\u00e9s, nos chemins se sont s\u00e9par\u00e9s non sans mal.\u00a0\u00bb<\/em><\/p>\n\n\n\n<p class=\"wp-block-paragraph\" style=\"font-size:15px;line-height:1.65\"><strong>\u2013&nbsp;Charles RIOS<\/strong> (Ancienne \u00e9quipe de Christelle)<\/p>\n\n\n\n<p class=\"wp-block-paragraph\" style=\"font-size:15px;line-height:1.65\"><em>\u00ab\u00a0Christelle a d\u00e9velopp\u00e9 l&rsquo;activit\u00e9 commerciale de son agence en augmentant sensiblement sa marge et son chiffre d&rsquo;affaire (doubl\u00e9 en 3 ans).<br>Elle a tir\u00e9 le meilleur de son \u00e9quipe, elle a atteint et d\u00e9pass\u00e9 les objectifs. Je la recommande vivement\u00a0\u00bb<\/em><\/p>\n\n\n\n<p class=\"wp-block-paragraph\" style=\"font-size:15px;line-height:1.65\"><strong>\u2013&nbsp;Gu\u00e9nol\u00e9 BOURDAUD  <\/strong>(Ancien homologue, dir. Agence)<\/p>\n<\/div>\n\n\n\n<div class=\"wp-block-column is-layout-flow wp-block-column-is-layout-flow\">\n<p class=\"wp-block-paragraph\" style=\"font-size:15px;line-height:1.65\"><em>\u00ab\u00a0Christelle a b\u00e2ti une agence \u00e0 partir de rien, elle est pass\u00e9e par toutes les phases : la prospection des premiers clients, le recrutement, la structuration de son service, le d\u00e9veloppement de prestations et leur industrialisation.<br>Elle n&rsquo;a jamais baiss\u00e9 les bras et toujours gard\u00e9 un optimisme et une force de conviction dans ce qu&rsquo;elle faisait. Elle a r\u00e9ussi \u00e0 b\u00e2tir une entit\u00e9 performante et avec du potentiel.<br>Une super coll\u00e8gue et un plaisir d&rsquo;avoir travaill\u00e9 avec elle.\u00a0\u00bb<\/em><\/p>\n\n\n\n<p class=\"wp-block-paragraph\" style=\"font-size:15px;line-height:1.65\"><strong>\u2013&nbsp;L\u00e9o DELAUNAY<\/strong> (Ancien homologue, dir. Agence)<\/p>\n<\/div>\n\n\n\n<div class=\"wp-block-column is-layout-flow wp-block-column-is-layout-flow\">\n<p class=\"wp-block-paragraph\" style=\"font-size:15px;line-height:1.65\"><em>\u00ab\u00a0J\u2019ai eu la chance d\u2019avoir Christelle en manager lorsqu\u2019elle dirigeait l\u2019\u00e9quipe ENR EPE. Personne \u00e0 l\u2019\u00e9coute de son \u00e9quipe, pr\u00e9sente \u00e0 tous moments pour accompagner dans les difficult\u00e9s. Pas de hi\u00e9rarchie, mais bien une \u00e9quipe pour avancer . Pas de mise en avant personnel , mais bien l\u2019\u00e9quipe qui a r\u00e9alis\u00e9 les objectifs. J\u2019ai pris un grand cours pour savoir f\u00e9d\u00e9rer une \u00e9quipe mais \u00e9galement le suivi des objectifs. L\u2019agence est au beau fixe et cela gr\u00e2ce \u00e0 ta gestion. Le suivi des affaires, les \u00e9changes avec les clients, la vente de nos missions. J\u2019esp\u00e8re pouvoir faire aussi bien que toi sur l\u2019ensemble des points. Encore merci pour cette grande le\u00e7on de management.\u00a0\u00bb<\/em><\/p>\n\n\n\n<p class=\"wp-block-paragraph\" style=\"font-size:15px;line-height:1.65\"><strong>\u2013&nbsp;S\u00e9bastien RICHARD<\/strong>   (Ancienne \u00e9quipe de Christelle)<\/p>\n<\/div>\n<\/div>\n<\/div><\/div>\n\n\n\n<div style=\"height:1px\" aria-hidden=\"true\" class=\"wp-block-spacer\"><\/div>\n<\/div><\/div>\n","protected":false},"excerpt":{"rendered":"<p>\u00c0 propos de \u00ab\u00a0STRAT&rsquo;L GO Consulting est n\u00e9e de ma volont\u00e9 d&rsquo;accompagner les Organisations dans leurs d\u00e9fis et transformations pour anticiper leurs enjeux d&rsquo;aujourd&rsquo;hui et de demain. R\u00e9pondre \u00e0 vos probl\u00e9matiques est ma priorit\u00e9. \u00ab\u00a0 Christelle GODARD (fondatrice) Ma vision Nous entrons dans une p\u00e9riode sujette \u00e0 de nombreuses \u00e9volutions de notre Soci\u00e9t\u00e9 et de<a class=\"more-link\" href=\"https:\/\/stratlgo.fr\/?page_id=45\">Lire la suite <span class=\"screen-reader-text\">\u00ab\u00a0La soci\u00e9t\u00e9\u00a0\u00bb<\/span><\/a><\/p>\n","protected":false},"author":236021777,"featured_media":0,"parent":0,"menu_order":0,"comment_status":"closed","ping_status":"closed","template":"","meta":{"_wpcom_ai_launchpad_about_page":false,"_wpcom_ai_launchpad_gallery_page":false,"_wpcom_ai_launchpad_contact_page":false,"_wpcom_ai_launchpad_events_page":false,"_wpcom_ai_launchpad_video_page":false,"_wpcom_ai_launchpad_portfolio_piece":false,"footnotes":""},"class_list":["post-45","page","type-page","status-publish","hentry","entry"],"jetpack_likes_enabled":true,"jetpack_sharing_enabled":true,"jetpack_shortlink":"https:\/\/wp.me\/PeS0gN-J","jetpack-related-posts":[{"id":112,"url":"https:\/\/stratlgo.fr\/","url_meta":{"origin":45,"position":0},"title":"Accueil","author":"Christelle Godard","date":"novembre 13, 2023","format":false,"excerpt":"Anticipons demain, Fa\u00e7onnons des Organisations robustes et durables Accompagnement pour des Organisations robustes et durables Dirigeants, D\u00e9cideurs, Responsables RH - RSE - QSE, Vous percevez la n\u00e9cessit\u00e9 de faire \u00e9voluer votre organisation. Vous voulez qu'elle soit plus r\u00e9siliente, plus robuste face aux mutations actuelles et futures, mais vous ne savez\u2026","rel":"","context":"Article similaire","block_context":{"text":"Article similaire","link":""},"img":{"alt_text":"","src":"https:\/\/i0.wp.com\/stratlgo.fr\/wp-content\/uploads\/2025\/03\/Logo-STRATL-GO-Original-B.png?resize=350%2C200&ssl=1","width":350,"height":200},"classes":[]},{"id":338,"url":"https:\/\/stratlgo.fr\/?page_id=338","url_meta":{"origin":45,"position":1},"title":"Anticipons demain par la prospective strat\u00e9gique","author":"Christelle Godard","date":"novembre 17, 2023","format":false,"excerpt":"Diff\u00e9rents futurs s'offrent \u00e0 vous. Vous avez un impact pour demain, tel l'effet papillon ! \"Eclairer le pr\u00e9sent \u00e0 la lumi\u00e8re des futurs possibles\"Michel GODET - Prospectiviste \" Demain ne sera pas comme hier.\" Vous en avez conscience : Ressources affaiblies, limites plan\u00e9taires, \u00e9volution de la soci\u00e9t\u00e9, difficult\u00e9 de recrutements\u2026","rel":"","context":"Article similaire","block_context":{"text":"Article similaire","link":""},"img":{"alt_text":"","src":"https:\/\/i0.wp.com\/stratlgo.fr\/wp-content\/uploads\/2025\/03\/Multichemins.png?resize=350%2C200&ssl=1","width":350,"height":200,"srcset":"https:\/\/i0.wp.com\/stratlgo.fr\/wp-content\/uploads\/2025\/03\/Multichemins.png?resize=350%2C200&ssl=1 1x, https:\/\/i0.wp.com\/stratlgo.fr\/wp-content\/uploads\/2025\/03\/Multichemins.png?resize=525%2C300&ssl=1 1.5x, https:\/\/i0.wp.com\/stratlgo.fr\/wp-content\/uploads\/2025\/03\/Multichemins.png?resize=700%2C400&ssl=1 2x, https:\/\/i0.wp.com\/stratlgo.fr\/wp-content\/uploads\/2025\/03\/Multichemins.png?resize=1050%2C600&ssl=1 3x, https:\/\/i0.wp.com\/stratlgo.fr\/wp-content\/uploads\/2025\/03\/Multichemins.png?resize=1400%2C800&ssl=1 4x"},"classes":[]},{"id":519,"url":"https:\/\/stratlgo.fr\/?page_id=519","url_meta":{"origin":45,"position":2},"title":"Nos r\u00e9seaux et partenaires","author":"Christelle Godard","date":"mars 27, 2025","format":false,"excerpt":"Nos Partenaires Association Economique des Professionnels du Conseil Elle rassemble des consultants issus du vivier de la Chambre des Professionnels du Conseil de Nouvelle Aquitaine. Elle permet de regrouper des expertises pour r\u00e9pondre commun\u00e9ment au besoin sp\u00e9cifique d'un client. Vivier ressource d'experts coop\u00e9ratifs dont fait partie STRAT'L GO Consulting pour\u2026","rel":"","context":"Article similaire","block_context":{"text":"Article similaire","link":""},"img":{"alt_text":"","src":"https:\/\/i0.wp.com\/stratlgo.fr\/wp-content\/uploads\/2025\/03\/Reseau.png?resize=350%2C200&ssl=1","width":350,"height":200,"srcset":"https:\/\/i0.wp.com\/stratlgo.fr\/wp-content\/uploads\/2025\/03\/Reseau.png?resize=350%2C200&ssl=1 1x, https:\/\/i0.wp.com\/stratlgo.fr\/wp-content\/uploads\/2025\/03\/Reseau.png?resize=525%2C300&ssl=1 1.5x, https:\/\/i0.wp.com\/stratlgo.fr\/wp-content\/uploads\/2025\/03\/Reseau.png?resize=700%2C400&ssl=1 2x, https:\/\/i0.wp.com\/stratlgo.fr\/wp-content\/uploads\/2025\/03\/Reseau.png?resize=1050%2C600&ssl=1 3x"},"classes":[]},{"id":283,"url":"https:\/\/stratlgo.fr\/?page_id=283","url_meta":{"origin":45,"position":3},"title":"D\u00e9finissons votre mod\u00e8le \u00e9conomique viable \u00e0 impact positif","author":"Christelle Godard","date":"novembre 16, 2023","format":false,"excerpt":"Rar\u00e9faction des ressources et des mat\u00e9riaux, \u00e9volution des r\u00e9glementations, prise de conscience collective, engagement des salari\u00e9s, \u00e9volution des march\u00e9s, instabilit\u00e9 g\u00e9opolitique et politique, ... Les mod\u00e8les \u00e9conomiques doivent \u00e9voluer pour devenir plus robustes et porteur de sens face aux multiples transitions et crises qui s'entrem\u00ealent et se succ\u00e8dent . Nous\u2026","rel":"","context":"Article similaire","block_context":{"text":"Article similaire","link":""},"img":{"alt_text":"","src":"https:\/\/i0.wp.com\/stratlgo.fr\/wp-content\/uploads\/2025\/03\/resilient.png?resize=350%2C200&ssl=1","width":350,"height":200,"srcset":"https:\/\/i0.wp.com\/stratlgo.fr\/wp-content\/uploads\/2025\/03\/resilient.png?resize=350%2C200&ssl=1 1x, https:\/\/i0.wp.com\/stratlgo.fr\/wp-content\/uploads\/2025\/03\/resilient.png?resize=525%2C300&ssl=1 1.5x, https:\/\/i0.wp.com\/stratlgo.fr\/wp-content\/uploads\/2025\/03\/resilient.png?resize=700%2C400&ssl=1 2x, https:\/\/i0.wp.com\/stratlgo.fr\/wp-content\/uploads\/2025\/03\/resilient.png?resize=1050%2C600&ssl=1 3x, https:\/\/i0.wp.com\/stratlgo.fr\/wp-content\/uploads\/2025\/03\/resilient.png?resize=1400%2C800&ssl=1 4x"},"classes":[]}],"_links":{"self":[{"href":"https:\/\/stratlgo.fr\/index.php?rest_route=\/wp\/v2\/pages\/45","targetHints":{"allow":["GET"]}}],"collection":[{"href":"https:\/\/stratlgo.fr\/index.php?rest_route=\/wp\/v2\/pages"}],"about":[{"href":"https:\/\/stratlgo.fr\/index.php?rest_route=\/wp\/v2\/types\/page"}],"author":[{"embeddable":true,"href":"https:\/\/stratlgo.fr\/index.php?rest_route=\/wp\/v2\/users\/236021777"}],"replies":[{"embeddable":true,"href":"https:\/\/stratlgo.fr\/index.php?rest_route=%2Fwp%2Fv2%2Fcomments&post=45"}],"version-history":[{"count":50,"href":"https:\/\/stratlgo.fr\/index.php?rest_route=\/wp\/v2\/pages\/45\/revisions"}],"predecessor-version":[{"id":2181,"href":"https:\/\/stratlgo.fr\/index.php?rest_route=\/wp\/v2\/pages\/45\/revisions\/2181"}],"wp:attachment":[{"href":"https:\/\/stratlgo.fr\/index.php?rest_route=%2Fwp%2Fv2%2Fmedia&parent=45"}],"curies":[{"name":"wp","href":"https:\/\/api.w.org\/{rel}","templated":true}]}}